{"id":5337,"date":"2022-11-22T22:09:16","date_gmt":"2022-11-22T21:09:16","guid":{"rendered":"https:\/\/www.wuerzberg.info\/?page_id=5337"},"modified":"2022-11-22T22:09:16","modified_gmt":"2022-11-22T21:09:16","slug":"instagram","status":"publish","type":"page","link":"https:\/\/www.wuerzberg.info\/?page_id=5337","title":{"rendered":"Instagram"},"content":{"rendered":"<style type=\"text\/css\">.zoom-instagram.feed-5336{font-size:14px!important;padding:1px!important;}.zoom-instagram.feed-5336 .zoom-instagram-widget__items{display:grid!important;grid-template-columns:repeat(2,1fr);}.zoom-instagram.feed-5336 .zoom-instagram-widget__items{gap:5px!important;}<\/style>\n<div class=\"zoom-instagram feed-5336 layout-grid columns-2 with-lightbox spacing-5 perpage-3\"><header class=\"zoom-instagram-widget__header\"><div class=\"zoom-instagram-widget__header-column-left\"><img decoding=\"async\" src=\"https:\/\/i0.wp.com\/www.wuerzberg.info\/wp-content\/uploads\/2023\/11\/66783220_859641147739675_4757410204331540480_n.jpg?resize=150%2C150&#038;ssl=1\" alt=\"@wuerzberg_info\" width=\"70\" \/><\/div><div class=\"zoom-instagram-widget__header-column-right\"><h5 class=\"zoom-instagram-widget__header-name\">www.wuerzberg.info<\/h5><p class=\"zoom-instagram-widget__header-user\"><a href=\"https:\/\/www.instagram.com\/wuerzberg_info\" target=\"_blank\" rel=\"nofollow\">@wuerzberg_info<\/a><\/p><div class=\"zoom-instagram-widget__header-bio\">Instagram-Account zugeh\u00f6rig zu www.wuerzberg.info Admin: @schusterxxl (Manuel Dingeldein) #michelstadt #w\u00fcrzberg<\/div><\/div><\/header><div class=\"zoom-instagram-widget__items-wrapper\"><ul class=\"zoom-instagram-widget__items zoom-instagram-widget__items--no-js layout-grid\" data-layout=\"grid\" data-lightbox=\"1\" data-spacing=\"5\" data-perpage=\"3\"><li class=\"zoom-instagram-widget__item media-icons-normal media-icons-hover date-hover\" data-media-type=\"carousel_album\"><div class=\"zoom-instagram-widget__item-inner-wrap\"><img class=\"zoom-instagram-link zoom-instagram-link-new\"  data-src=\"https:\/\/www.wuerzberg.info\/wp-content\/uploads\/2022\/11\/681363911_18127440577582214_8863513648427111139_n-320x320.jpg\" data-mfp-src=\"18119084803654849\" width=\"320\" height=\"320\" alt=\"Unsere \u201cW\u00fcrzberger Landfrauen\u201c - Was machen die denn eigentlich so\u2753\n\n@landfrauen_wuerzberg \n\nhttps:\/\/www.wuerzberg.info\/?page_id=1431\n\n- informative Abende &amp; Vortr\u00e4ge\n- spannende F\u00fchrungen\n- gem\u00fctliche Entspannungsabende\n- Wandern im sch\u00f6nen Odenwald\n- eigene Linedance Gruppe\n- gemeinsames Kochen\n\nWir sind ein bunt gemischtes, dynamisches Team mit vielen kreativen Ideen.\n\nUnser Ortsverein ist Mitglied des Bezirksvereins Michelstadt, zusammen geh\u00f6ren wir zum Hessischen Landfrauenverband. Dachverband ist der Deutsche Landfrauenverband mit Sitz in Berlin. Alle angebotenen Fort- und Weiterbildungen sind f\u00fcr unsere Mitglieder kosteng\u00fcnstig m\u00f6glich!\n\nNeugierig? Klasse, komm zu uns!\nKontaktiere uns gleich \u00fcber Insta oder per Mail.\nWir freuen uns auf Dich!\" \/><div class=\"hover-layout zoom-instagram-widget__overlay zoom-instagram-widget__black \"><svg class=\"svg-icon\" shape-rendering=\"geometricPrecision\"><use xlink:href=\"https:\/\/www.wuerzberg.info\/wp-content\/plugins\/instagram-widget-by-wpzoom\/dist\/images\/frontend\/wpzoom-instagram-icons.svg#carousel_album\"><\/use><\/svg><div class=\"zoom-instagram-date\">12\u00a0Stunden ago<\/div><div class=\"zoom-instagram-icon-wrap\"><a class=\"zoom-svg-instagram-stroke\" href=\"https:\/\/www.instagram.com\/p\/DXv9n7cjPLN\/\" rel=\"noopener nofollow\" target=\"_blank\" title=\"Unsere \u201cW\u00fcrzberger Landfrauen\u201c - Was machen die denn eigentlich so\u2753\n\n@landfrauen_wuerzberg \n\nhttps:\/\/www.wuerzberg.info\/?page_id=1431\n\n- informative Abende &amp; Vortr\u00e4ge\n- spannende F\u00fchrungen\n- gem\u00fctliche Entspannungsabende\n- Wandern im sch\u00f6nen Odenwald\n- eigene Linedance Gruppe\n- gemeinsames Kochen\n\nWir sind ein bunt gemischtes, dynamisches Team mit vielen kreativen Ideen.\n\nUnser Ortsverein ist Mitglied des Bezirksvereins Michelstadt, zusammen geh\u00f6ren wir zum Hessischen Landfrauenverband. Dachverband ist der Deutsche Landfrauenverband mit Sitz in Berlin. Alle angebotenen Fort- und Weiterbildungen sind f\u00fcr unsere Mitglieder kosteng\u00fcnstig m\u00f6glich!\n\nNeugierig? Klasse, komm zu uns!\nKontaktiere uns gleich \u00fcber Insta oder per Mail.\nWir freuen uns auf Dich!\"><\/a><\/div><a class=\"zoom-instagram-link\" data-src=\"https:\/\/www.wuerzberg.info\/wp-content\/uploads\/2022\/11\/681363911_18127440577582214_8863513648427111139_n-320x320.jpg\" data-mfp-src=\"18119084803654849\" href=\"https:\/\/www.instagram.com\/p\/DXv9n7cjPLN\/\" target=\"_blank\" rel=\"noopener nofollow\" title=\"Unsere \u201cW\u00fcrzberger Landfrauen\u201c - Was machen die denn eigentlich so\u2753\n\n@landfrauen_wuerzberg \n\nhttps:\/\/www.wuerzberg.info\/?page_id=1431\n\n- informative Abende &amp; Vortr\u00e4ge\n- spannende F\u00fchrungen\n- gem\u00fctliche Entspannungsabende\n- Wandern im sch\u00f6nen Odenwald\n- eigene Linedance Gruppe\n- gemeinsames Kochen\n\nWir sind ein bunt gemischtes, dynamisches Team mit vielen kreativen Ideen.\n\nUnser Ortsverein ist Mitglied des Bezirksvereins Michelstadt, zusammen geh\u00f6ren wir zum Hessischen Landfrauenverband. Dachverband ist der Deutsche Landfrauenverband mit Sitz in Berlin. Alle angebotenen Fort- und Weiterbildungen sind f\u00fcr unsere Mitglieder kosteng\u00fcnstig m\u00f6glich!\n\nNeugierig? Klasse, komm zu uns!\nKontaktiere uns gleich \u00fcber Insta oder per Mail.\nWir freuen uns auf Dich!\"><\/a><\/div><\/div><\/li><li class=\"zoom-instagram-widget__item media-icons-normal media-icons-hover date-hover\" data-media-type=\"image\"><div class=\"zoom-instagram-widget__item-inner-wrap\"><img class=\"zoom-instagram-link zoom-instagram-link-new\"  data-src=\"https:\/\/www.wuerzberg.info\/wp-content\/uploads\/2022\/11\/681389785_18127344559582214_6532227731607264859_n-320x240.jpg\" data-mfp-src=\"18093362038916886\" width=\"320\" height=\"240\" alt=\"Ortsbeirat W\u00fcrzberg startet in die Legislaturperiode 2026\u20132031\n\nAm Dienstag, 28.04.2026, fand die konstituierende Sitzung des Ortsbeirates W\u00fcrzberg f\u00fcr die Legislaturperiode 2026\u20132031 statt. Der Ortsbeirat bleibt in seiner Zusammensetzung weitgehend unver\u00e4ndert.\n\nZum Ortsvorsteher wurde Manuel Dingeldein wiedergew\u00e4hlt. Ihm zur Seite stehen als Stellvertreter Reiner Reubold, Schriftf\u00fchrer Mario Dick sowie Jens Fill; neu im Gremium ist Werner R\u00fcth.\n\nEin Dankesch\u00f6n f\u00fcr sein Engagement gilt dem ausgeschiedenen Ortsbeiratsmitglied Karsten Ritter. Er hatte sich nicht zur Wiederwahl aufstellen lassen.\n\n#w\u00fcrzberg #michelstadt #ortsbeirat\" \/><div class=\"hover-layout zoom-instagram-widget__overlay zoom-instagram-widget__black \"><div class=\"zoom-instagram-date\">2\u00a0Tagen ago<\/div><div class=\"zoom-instagram-icon-wrap\"><a class=\"zoom-svg-instagram-stroke\" href=\"https:\/\/www.instagram.com\/p\/DXtJtIsDOEl\/\" rel=\"noopener nofollow\" target=\"_blank\" title=\"Ortsbeirat W\u00fcrzberg startet in die Legislaturperiode 2026\u20132031\n\nAm Dienstag, 28.04.2026, fand die konstituierende Sitzung des Ortsbeirates W\u00fcrzberg f\u00fcr die Legislaturperiode 2026\u20132031 statt. Der Ortsbeirat bleibt in seiner Zusammensetzung weitgehend unver\u00e4ndert.\n\nZum Ortsvorsteher wurde Manuel Dingeldein wiedergew\u00e4hlt. Ihm zur Seite stehen als Stellvertreter Reiner Reubold, Schriftf\u00fchrer Mario Dick sowie Jens Fill; neu im Gremium ist Werner R\u00fcth.\n\nEin Dankesch\u00f6n f\u00fcr sein Engagement gilt dem ausgeschiedenen Ortsbeiratsmitglied Karsten Ritter. Er hatte sich nicht zur Wiederwahl aufstellen lassen.\n\n#w\u00fcrzberg #michelstadt #ortsbeirat\"><\/a><\/div><a class=\"zoom-instagram-link\" data-src=\"https:\/\/www.wuerzberg.info\/wp-content\/uploads\/2022\/11\/681389785_18127344559582214_6532227731607264859_n-320x240.jpg\" data-mfp-src=\"18093362038916886\" href=\"https:\/\/www.instagram.com\/p\/DXtJtIsDOEl\/\" target=\"_blank\" rel=\"noopener nofollow\" title=\"Ortsbeirat W\u00fcrzberg startet in die Legislaturperiode 2026\u20132031\n\nAm Dienstag, 28.04.2026, fand die konstituierende Sitzung des Ortsbeirates W\u00fcrzberg f\u00fcr die Legislaturperiode 2026\u20132031 statt. Der Ortsbeirat bleibt in seiner Zusammensetzung weitgehend unver\u00e4ndert.\n\nZum Ortsvorsteher wurde Manuel Dingeldein wiedergew\u00e4hlt. Ihm zur Seite stehen als Stellvertreter Reiner Reubold, Schriftf\u00fchrer Mario Dick sowie Jens Fill; neu im Gremium ist Werner R\u00fcth.\n\nEin Dankesch\u00f6n f\u00fcr sein Engagement gilt dem ausgeschiedenen Ortsbeiratsmitglied Karsten Ritter. Er hatte sich nicht zur Wiederwahl aufstellen lassen.\n\n#w\u00fcrzberg #michelstadt #ortsbeirat\"><\/a><\/div><\/div><\/li><li class=\"zoom-instagram-widget__item media-icons-normal media-icons-hover date-hover\" data-media-type=\"image\"><div class=\"zoom-instagram-widget__item-inner-wrap\"><img class=\"zoom-instagram-link zoom-instagram-link-new\"  data-src=\"https:\/\/www.wuerzberg.info\/wp-content\/uploads\/2022\/11\/673875653_18127068475582214_5011178344897840383_n-256x320.jpg\" data-mfp-src=\"18073815299250963\" width=\"256\" height=\"320\" alt=\"Der @vfrwuerzberg l\u00e4dt alle Mitglieder zur Jahreshauptversammlung am Freitag, 08.05.2026 um 20:00 Uhr in das Sportlerheim ein.\n\n#w\u00fcrzberg #michelstadt\" \/><div class=\"hover-layout zoom-instagram-widget__overlay zoom-instagram-widget__black \"><div class=\"zoom-instagram-date\">5\u00a0Tagen ago<\/div><div class=\"zoom-instagram-icon-wrap\"><a class=\"zoom-svg-instagram-stroke\" href=\"https:\/\/www.instagram.com\/p\/DXlmzSUjADz\/\" rel=\"noopener nofollow\" target=\"_blank\" title=\"Der @vfrwuerzberg l\u00e4dt alle Mitglieder zur Jahreshauptversammlung am Freitag, 08.05.2026 um 20:00 Uhr in das Sportlerheim ein.\n\n#w\u00fcrzberg #michelstadt\"><\/a><\/div><a class=\"zoom-instagram-link\" data-src=\"https:\/\/www.wuerzberg.info\/wp-content\/uploads\/2022\/11\/673875653_18127068475582214_5011178344897840383_n-256x320.jpg\" data-mfp-src=\"18073815299250963\" href=\"https:\/\/www.instagram.com\/p\/DXlmzSUjADz\/\" target=\"_blank\" rel=\"noopener nofollow\" title=\"Der @vfrwuerzberg l\u00e4dt alle Mitglieder zur Jahreshauptversammlung am Freitag, 08.05.2026 um 20:00 Uhr in das Sportlerheim ein.\n\n#w\u00fcrzberg #michelstadt\"><\/a><\/div><\/div><\/li><li class=\"zoom-instagram-widget__item media-icons-normal media-icons-hover date-hover\" data-media-type=\"carousel_album\"><div class=\"zoom-instagram-widget__item-inner-wrap\"><img class=\"zoom-instagram-link zoom-instagram-link-new\"  data-src=\"https:\/\/www.wuerzberg.info\/wp-content\/uploads\/2022\/11\/681051838_18126883246582214_6421320932176377568_n-238x320.jpg\" data-mfp-src=\"18398139499148635\" width=\"238\" height=\"320\" alt=\"\u201eBrenner W\u00fcrzberg\u201c Maibaumstellen am 30.04.2026\n\nWir laden alle herzlich zum Maibaumstellen am Donnerstag, 30. April, ab 16:00 Uhr ein.\nF\u00fcr das leibliche Wohl ist bestens gesorgt!\n\nBrenner W\u00fcrzberg \u2013 Marten Tschorn | Hesselbacher Stra\u00dfe 17 | 64720 Michelstadt | Direkt neben dem Sportplatz.\n\n#W\u00fcrzberg #michelstadt #Brenner #Maibaum\" \/><div class=\"hover-layout zoom-instagram-widget__overlay zoom-instagram-widget__black \"><svg class=\"svg-icon\" shape-rendering=\"geometricPrecision\"><use xlink:href=\"https:\/\/www.wuerzberg.info\/wp-content\/plugins\/instagram-widget-by-wpzoom\/dist\/images\/frontend\/wpzoom-instagram-icons.svg#carousel_album\"><\/use><\/svg><div class=\"zoom-instagram-date\">6\u00a0Tagen ago<\/div><div class=\"zoom-instagram-icon-wrap\"><a class=\"zoom-svg-instagram-stroke\" href=\"https:\/\/www.instagram.com\/p\/DXhgdzUDPwh\/\" rel=\"noopener nofollow\" target=\"_blank\" title=\"\u201eBrenner W\u00fcrzberg\u201c Maibaumstellen am 30.04.2026\n\nWir laden alle herzlich zum Maibaumstellen am Donnerstag, 30. April, ab 16:00 Uhr ein.\nF\u00fcr das leibliche Wohl ist bestens gesorgt!\n\nBrenner W\u00fcrzberg \u2013 Marten Tschorn | Hesselbacher Stra\u00dfe 17 | 64720 Michelstadt | Direkt neben dem Sportplatz.\n\n#W\u00fcrzberg #michelstadt #Brenner #Maibaum\"><\/a><\/div><a class=\"zoom-instagram-link\" data-src=\"https:\/\/www.wuerzberg.info\/wp-content\/uploads\/2022\/11\/681051838_18126883246582214_6421320932176377568_n-238x320.jpg\" data-mfp-src=\"18398139499148635\" href=\"https:\/\/www.instagram.com\/p\/DXhgdzUDPwh\/\" target=\"_blank\" rel=\"noopener nofollow\" title=\"\u201eBrenner W\u00fcrzberg\u201c Maibaumstellen am 30.04.2026\n\nWir laden alle herzlich zum Maibaumstellen am Donnerstag, 30. April, ab 16:00 Uhr ein.\nF\u00fcr das leibliche Wohl ist bestens gesorgt!\n\nBrenner W\u00fcrzberg \u2013 Marten Tschorn | Hesselbacher Stra\u00dfe 17 | 64720 Michelstadt | Direkt neben dem Sportplatz.\n\n#W\u00fcrzberg #michelstadt #Brenner #Maibaum\"><\/a><\/div><\/div><\/li><li class=\"zoom-instagram-widget__item media-icons-normal media-icons-hover date-hover\" data-media-type=\"image\"><div class=\"zoom-instagram-widget__item-inner-wrap\"><img class=\"zoom-instagram-link zoom-instagram-link-new\"  data-src=\"https:\/\/www.wuerzberg.info\/wp-content\/uploads\/2022\/11\/670642051_18126520813582214_8805362322351768874_n-320x320.jpg\" data-mfp-src=\"18106878259931845\" width=\"320\" height=\"320\" alt=\"Dienstag 28.04.2026 19:30 Uhr \u2013 Konstituierende Ortsbeiratssitzung\n\nAm Dienstag, 28.04.2026, um 19:30 Uhr findet die 1. Ortsbeiratssitzung des neu gew\u00e4hlten W\u00fcrzberger Ortsbeirats im Dorfgemeinschaftshaus statt.\nAn diesem Abend werden der Ortsvorsteher, der Stellvertreter des Ortsvorstehers sowie der Schriftf\u00fchrer vom Ortsbeirat gew\u00e4hlt.\nWie immer wird es auch nach der Sitzung Zeit f\u00fcr einen Austausch geben.\n\nWir freuen uns auf eine aktive Beteiligung.\n\n#W\u00fcrzberg #Michelstadt #Ortsbeirat\" \/><div class=\"hover-layout zoom-instagram-widget__overlay zoom-instagram-widget__black \"><div class=\"zoom-instagram-date\">1\u00a0Woche ago<\/div><div class=\"zoom-instagram-icon-wrap\"><a class=\"zoom-svg-instagram-stroke\" href=\"https:\/\/www.instagram.com\/p\/DXYomsqDPMA\/\" rel=\"noopener nofollow\" target=\"_blank\" title=\"Dienstag 28.04.2026 19:30 Uhr \u2013 Konstituierende Ortsbeiratssitzung\n\nAm Dienstag, 28.04.2026, um 19:30 Uhr findet die 1. Ortsbeiratssitzung des neu gew\u00e4hlten W\u00fcrzberger Ortsbeirats im Dorfgemeinschaftshaus statt.\nAn diesem Abend werden der Ortsvorsteher, der Stellvertreter des Ortsvorstehers sowie der Schriftf\u00fchrer vom Ortsbeirat gew\u00e4hlt.\nWie immer wird es auch nach der Sitzung Zeit f\u00fcr einen Austausch geben.\n\nWir freuen uns auf eine aktive Beteiligung.\n\n#W\u00fcrzberg #Michelstadt #Ortsbeirat\"><\/a><\/div><a class=\"zoom-instagram-link\" data-src=\"https:\/\/www.wuerzberg.info\/wp-content\/uploads\/2022\/11\/670642051_18126520813582214_8805362322351768874_n-320x320.jpg\" data-mfp-src=\"18106878259931845\" href=\"https:\/\/www.instagram.com\/p\/DXYomsqDPMA\/\" target=\"_blank\" rel=\"noopener nofollow\" title=\"Dienstag 28.04.2026 19:30 Uhr \u2013 Konstituierende Ortsbeiratssitzung\n\nAm Dienstag, 28.04.2026, um 19:30 Uhr findet die 1. Ortsbeiratssitzung des neu gew\u00e4hlten W\u00fcrzberger Ortsbeirats im Dorfgemeinschaftshaus statt.\nAn diesem Abend werden der Ortsvorsteher, der Stellvertreter des Ortsvorstehers sowie der Schriftf\u00fchrer vom Ortsbeirat gew\u00e4hlt.\nWie immer wird es auch nach der Sitzung Zeit f\u00fcr einen Austausch geben.\n\nWir freuen uns auf eine aktive Beteiligung.\n\n#W\u00fcrzberg #Michelstadt #Ortsbeirat\"><\/a><\/div><\/div><\/li><li class=\"zoom-instagram-widget__item media-icons-normal media-icons-hover date-hover\" data-media-type=\"image\"><div class=\"zoom-instagram-widget__item-inner-wrap\"><img class=\"zoom-instagram-link zoom-instagram-link-new\"  data-src=\"https:\/\/www.wuerzberg.info\/wp-content\/uploads\/2022\/11\/671017957_18126433366582214_8961640070102533192_n-320x320.jpg\" data-mfp-src=\"18134134726549303\" width=\"320\" height=\"320\" alt=\"DRK-W\u00fcrzberg: Blutspendetermin \u2013 Donnerstag 07.05.2026\n\nEine Blutspende dauert 10 Minuten und rettet bis zu drei Leben.\n\n-&gt; https:\/\/www.blutspende.de\/blutspendetermine\/termine\/403151\n\nAm Donnerstag 07.05.2026 von 15:30 Uhr bis 19:30 Uhr im Dorfgemeinschaftshaus W\u00fcrzberg.\n\nWir hoffen auf zahlreiche Unterst\u00fctzer! Wie immer ist auch f\u00fcr das leibliche Wohl gesorgt.\n\nEuer @drk_ov_wuerzberg\" \/><div class=\"hover-layout zoom-instagram-widget__overlay zoom-instagram-widget__black \"><div class=\"zoom-instagram-date\">1\u00a0Woche ago<\/div><div class=\"zoom-instagram-icon-wrap\"><a class=\"zoom-svg-instagram-stroke\" href=\"https:\/\/www.instagram.com\/p\/DXWPHlcDEtC\/\" rel=\"noopener nofollow\" target=\"_blank\" title=\"DRK-W\u00fcrzberg: Blutspendetermin \u2013 Donnerstag 07.05.2026\n\nEine Blutspende dauert 10 Minuten und rettet bis zu drei Leben.\n\n-&gt; https:\/\/www.blutspende.de\/blutspendetermine\/termine\/403151\n\nAm Donnerstag 07.05.2026 von 15:30 Uhr bis 19:30 Uhr im Dorfgemeinschaftshaus W\u00fcrzberg.\n\nWir hoffen auf zahlreiche Unterst\u00fctzer! Wie immer ist auch f\u00fcr das leibliche Wohl gesorgt.\n\nEuer @drk_ov_wuerzberg\"><\/a><\/div><a class=\"zoom-instagram-link\" data-src=\"https:\/\/www.wuerzberg.info\/wp-content\/uploads\/2022\/11\/671017957_18126433366582214_8961640070102533192_n-320x320.jpg\" data-mfp-src=\"18134134726549303\" href=\"https:\/\/www.instagram.com\/p\/DXWPHlcDEtC\/\" target=\"_blank\" rel=\"noopener nofollow\" title=\"DRK-W\u00fcrzberg: Blutspendetermin \u2013 Donnerstag 07.05.2026\n\nEine Blutspende dauert 10 Minuten und rettet bis zu drei Leben.\n\n-&gt; https:\/\/www.blutspende.de\/blutspendetermine\/termine\/403151\n\nAm Donnerstag 07.05.2026 von 15:30 Uhr bis 19:30 Uhr im Dorfgemeinschaftshaus W\u00fcrzberg.\n\nWir hoffen auf zahlreiche Unterst\u00fctzer! Wie immer ist auch f\u00fcr das leibliche Wohl gesorgt.\n\nEuer @drk_ov_wuerzberg\"><\/a><\/div><\/div><\/li><li class=\"zoom-instagram-widget__item media-icons-normal media-icons-hover date-hover\" data-media-type=\"image\"><div class=\"zoom-instagram-widget__item-inner-wrap\"><img class=\"zoom-instagram-link zoom-instagram-link-new\"  data-src=\"https:\/\/www.wuerzberg.info\/wp-content\/uploads\/2022\/11\/658474730_18125248660582214_6661942175223992708_n-320x211.jpg\" data-mfp-src=\"18428874904190107\" width=\"320\" height=\"211\" alt=\"\u26bd\ufe0f Das Bambini-Schnuppertraining beim VfR W\u00fcrzberg geht weiter\u2026 \u26bd\n\nKommt vorbei und schnuppert Fu\u00dfballluft!\n\nAm 10.04.2026 um 17:00 Uhr auf dem W\u00fcrzberger Sportplatz.\ufe0f\n\nhttps:\/\/www.wuerzberg.info\/?p=7129\" \/><div class=\"hover-layout zoom-instagram-widget__overlay zoom-instagram-widget__black \"><div class=\"zoom-instagram-date\">3\u00a0Wochen ago<\/div><div class=\"zoom-instagram-icon-wrap\"><a class=\"zoom-svg-instagram-stroke\" href=\"https:\/\/www.instagram.com\/p\/DW14CtFjOYz\/\" rel=\"noopener nofollow\" target=\"_blank\" title=\"\u26bd\ufe0f Das Bambini-Schnuppertraining beim VfR W\u00fcrzberg geht weiter\u2026 \u26bd\n\nKommt vorbei und schnuppert Fu\u00dfballluft!\n\nAm 10.04.2026 um 17:00 Uhr auf dem W\u00fcrzberger Sportplatz.\ufe0f\n\nhttps:\/\/www.wuerzberg.info\/?p=7129\"><\/a><\/div><a class=\"zoom-instagram-link\" data-src=\"https:\/\/www.wuerzberg.info\/wp-content\/uploads\/2022\/11\/658474730_18125248660582214_6661942175223992708_n-320x211.jpg\" data-mfp-src=\"18428874904190107\" href=\"https:\/\/www.instagram.com\/p\/DW14CtFjOYz\/\" target=\"_blank\" rel=\"noopener nofollow\" title=\"\u26bd\ufe0f Das Bambini-Schnuppertraining beim VfR W\u00fcrzberg geht weiter\u2026 \u26bd\n\nKommt vorbei und schnuppert Fu\u00dfballluft!\n\nAm 10.04.2026 um 17:00 Uhr auf dem W\u00fcrzberger Sportplatz.\ufe0f\n\nhttps:\/\/www.wuerzberg.info\/?p=7129\"><\/a><\/div><\/div><\/li><li class=\"zoom-instagram-widget__item media-icons-normal media-icons-hover date-hover\" data-media-type=\"image\"><div class=\"zoom-instagram-widget__item-inner-wrap\"><img class=\"zoom-instagram-link zoom-instagram-link-new\"  data-src=\"https:\/\/www.wuerzberg.info\/wp-content\/uploads\/2022\/11\/657324252_18124577017582214_9092363650370873764_n-320x320.jpg\" data-mfp-src=\"17950908081106188\" width=\"320\" height=\"320\" alt=\"Ortsbeirat W\u00fcrzberg: Altkleidercontainer \u2013 Hinweis\n\nDie Altkleidercontainer in W\u00fcrzberg werden nicht mehr geleert.\n\n\ud83d\udeab Bitte keine S\u00e4cke oder Kleidung davor abstellen!\nDiese werden nass, verschmutzen und m\u00fcssen als Restm\u00fcll teuer entsorgt werden.\n\nHinweise zur Entsorgung sind auf der Homepage zu finden.\n\n\ud83d\ude4f Bitte haltet unser Dorf sauber!\nVielen Dank f\u00fcr euer Verst\u00e4ndnis.\n\nOrtsbeirat W\u00fcrzberg\nManuel Dingeldein\" \/><div class=\"hover-layout zoom-instagram-widget__overlay zoom-instagram-widget__black \"><div class=\"zoom-instagram-date\">1\u00a0Monat ago<\/div><div class=\"zoom-instagram-icon-wrap\"><a class=\"zoom-svg-instagram-stroke\" href=\"https:\/\/www.instagram.com\/p\/DWjfalkjAgN\/\" rel=\"noopener nofollow\" target=\"_blank\" title=\"Ortsbeirat W\u00fcrzberg: Altkleidercontainer \u2013 Hinweis\n\nDie Altkleidercontainer in W\u00fcrzberg werden nicht mehr geleert.\n\n\ud83d\udeab Bitte keine S\u00e4cke oder Kleidung davor abstellen!\nDiese werden nass, verschmutzen und m\u00fcssen als Restm\u00fcll teuer entsorgt werden.\n\nHinweise zur Entsorgung sind auf der Homepage zu finden.\n\n\ud83d\ude4f Bitte haltet unser Dorf sauber!\nVielen Dank f\u00fcr euer Verst\u00e4ndnis.\n\nOrtsbeirat W\u00fcrzberg\nManuel Dingeldein\"><\/a><\/div><a class=\"zoom-instagram-link\" data-src=\"https:\/\/www.wuerzberg.info\/wp-content\/uploads\/2022\/11\/657324252_18124577017582214_9092363650370873764_n-320x320.jpg\" data-mfp-src=\"17950908081106188\" href=\"https:\/\/www.instagram.com\/p\/DWjfalkjAgN\/\" target=\"_blank\" rel=\"noopener nofollow\" title=\"Ortsbeirat W\u00fcrzberg: Altkleidercontainer \u2013 Hinweis\n\nDie Altkleidercontainer in W\u00fcrzberg werden nicht mehr geleert.\n\n\ud83d\udeab Bitte keine S\u00e4cke oder Kleidung davor abstellen!\nDiese werden nass, verschmutzen und m\u00fcssen als Restm\u00fcll teuer entsorgt werden.\n\nHinweise zur Entsorgung sind auf der Homepage zu finden.\n\n\ud83d\ude4f Bitte haltet unser Dorf sauber!\nVielen Dank f\u00fcr euer Verst\u00e4ndnis.\n\nOrtsbeirat W\u00fcrzberg\nManuel Dingeldein\"><\/a><\/div><\/div><\/li><\/ul><\/div><div class=\"zoom-instagram-widget__footer\"><a href=\"https:\/\/www.instagram.com\/wuerzberg_info\" target=\"_blank\" rel=\"noopener nofollow\" class=\"wpz-button wpz-button-primary wpz-insta-view-on-insta-button\"><span class=\"button-icon zoom-svg-instagram-stroke\"><\/span> View on Instagram<\/a><\/div><div class=\"wpz-insta-lightbox-wrapper mfp-hide\"><div class=\"swiper\"><div class=\"swiper-wrapper\"><div data-uid=\"18119084803654849\" class=\"swiper-slide wpz-insta-lightbox-item\"><div class=\"wpz-insta-lightbox\"><div class=\"image-wrapper\"><div class=\"swiper\" style=\"height: 100%;\"><div class=\"swiper-wrapper wpz-insta-album-images\"><div class=\"swiper-slide wpz-insta-album-image\" data-media-type=\"image\"><img class=\"wpzoom-swiper-image swiper-lazy\" data-src=\"https:\/\/scontent-fra5-1.cdninstagram.com\/v\/t51.82787-15\/681363911_18127440577582214_8863513648427111139_n.jpg?stp=dst-jpg_e35_tt6&#038;_nc_cat=100&#038;ccb=7-5&#038;_nc_sid=18de74&#038;efg=eyJlZmdfdGFnIjoiQ0FST1VTRUxfSVRFTS5iZXN0X2ltYWdlX3VybGdlbi5DMyJ9&#038;_nc_ohc=0rgDLQ9jzxQQ7kNvwFhYnvH&#038;_nc_oc=AdqUKoNMOA_8hMNyX7LEGw4WbMeMHdwrTMvfn4yhLlxxkJvn5a-WevMSKo7d8Gesp_A&#038;_nc_zt=23&#038;_nc_ht=scontent-fra5-1.cdninstagram.com&#038;edm=ANo9K5cEAAAA&#038;_nc_gid=e1STfUNfnB6ucOledbvrwQ&#038;_nc_tpa=Q5bMBQEcCo2Vc385VaTJPBjid_D4WM9vTNKuIaNjq6YG4zzHI4-kYfFB1Uxzsy3_zFFOIqSvPDRd2aXY&#038;oh=00_Af0mzGZCS6Q34Flyc97MKg5PzfY5_YGQa38YBSwzhy0MBA&#038;oe=69F957CB\" alt=\"Unsere \u201cW\u00fcrzberger Landfrauen\u201c - Was machen die denn eigentlich so\u2753\n\n@landfrauen_wuerzberg \n\nhttps:\/\/www.wuerzberg.info\/?page_id=1431\n\n- informative Abende &amp; Vortr\u00e4ge\n- spannende F\u00fchrungen\n- gem\u00fctliche Entspannungsabende\n- Wandern im sch\u00f6nen Odenwald\n- eigene Linedance Gruppe\n- gemeinsames Kochen\n\nWir sind ein bunt gemischtes, dynamisches Team mit vielen kreativen Ideen.\n\nUnser Ortsverein ist Mitglied des Bezirksvereins Michelstadt, zusammen geh\u00f6ren wir zum Hessischen Landfrauenverband. Dachverband ist der Deutsche Landfrauenverband mit Sitz in Berlin. Alle angebotenen Fort- und Weiterbildungen sind f\u00fcr unsere Mitglieder kosteng\u00fcnstig m\u00f6glich!\n\nNeugierig? Klasse, komm zu uns!\nKontaktiere uns gleich \u00fcber Insta oder per Mail.\nWir freuen uns auf Dich!\"\/><div class=\"swiper-lazy-preloader swiper-lazy-preloader-white\"><\/div><\/div><div class=\"swiper-slide wpz-insta-album-image\" data-media-type=\"image\"><img class=\"wpzoom-swiper-image swiper-lazy\" data-src=\"https:\/\/scontent-fra5-1.cdninstagram.com\/v\/t51.82787-15\/683442269_18127440559582214_5347469268041347391_n.jpg?stp=dst-jpg_e35_tt6&#038;_nc_cat=100&#038;ccb=7-5&#038;_nc_sid=18de74&#038;efg=eyJlZmdfdGFnIjoiQ0FST1VTRUxfSVRFTS5iZXN0X2ltYWdlX3VybGdlbi5DMyJ9&#038;_nc_ohc=NGaRwbDbYVwQ7kNvwF6DPcM&#038;_nc_oc=AdoJXmvTQd9uqkz3dZmafGBe8rb7G_xoP2IswFdvVR7o0-1Q8Mnm97BClcqvqWoTWSA&#038;_nc_zt=23&#038;_nc_ht=scontent-fra5-1.cdninstagram.com&#038;edm=ANo9K5cEAAAA&#038;_nc_gid=e1STfUNfnB6ucOledbvrwQ&#038;_nc_tpa=Q5bMBQGb5xJtfreNn7B8cpPcpqj5tPr8Plq5JDGDpXO56RtweAicCTsOBaCzNhfNFzH-EC1MW66aplFb&#038;oh=00_Af0hJy4-Lks_pCDk8RfNCw7Tq3k-VlESLo3T88hQSbntXQ&#038;oe=69F949B9\" alt=\"Unsere \u201cW\u00fcrzberger Landfrauen\u201c - Was machen die denn eigentlich so\u2753\n\n@landfrauen_wuerzberg \n\nhttps:\/\/www.wuerzberg.info\/?page_id=1431\n\n- informative Abende &amp; Vortr\u00e4ge\n- spannende F\u00fchrungen\n- gem\u00fctliche Entspannungsabende\n- Wandern im sch\u00f6nen Odenwald\n- eigene Linedance Gruppe\n- gemeinsames Kochen\n\nWir sind ein bunt gemischtes, dynamisches Team mit vielen kreativen Ideen.\n\nUnser Ortsverein ist Mitglied des Bezirksvereins Michelstadt, zusammen geh\u00f6ren wir zum Hessischen Landfrauenverband. Dachverband ist der Deutsche Landfrauenverband mit Sitz in Berlin. Alle angebotenen Fort- und Weiterbildungen sind f\u00fcr unsere Mitglieder kosteng\u00fcnstig m\u00f6glich!\n\nNeugierig? Klasse, komm zu uns!\nKontaktiere uns gleich \u00fcber Insta oder per Mail.\nWir freuen uns auf Dich!\"\/><div class=\"swiper-lazy-preloader swiper-lazy-preloader-white\"><\/div><\/div><div class=\"swiper-slide wpz-insta-album-image\" data-media-type=\"image\"><img class=\"wpzoom-swiper-image swiper-lazy\" data-src=\"https:\/\/scontent-fra5-2.cdninstagram.com\/v\/t51.82787-15\/681989565_18127440568582214_859674801762417468_n.jpg?stp=dst-jpg_e35_tt6&#038;_nc_cat=109&#038;ccb=7-5&#038;_nc_sid=18de74&#038;efg=eyJlZmdfdGFnIjoiQ0FST1VTRUxfSVRFTS5iZXN0X2ltYWdlX3VybGdlbi5DMyJ9&#038;_nc_ohc=4go--Pov6kYQ7kNvwGKzthn&#038;_nc_oc=Adq3h8iCcUCxvvmHkH2Fq5xRZONEdex5OGfYwophtHaQjPJxO6w5_tOMyraBLUPfNpg&#038;_nc_zt=23&#038;_nc_ht=scontent-fra5-2.cdninstagram.com&#038;edm=ANo9K5cEAAAA&#038;_nc_gid=e1STfUNfnB6ucOledbvrwQ&#038;_nc_tpa=Q5bMBQGksuD8secTsEuiKC22p0vxcfvvXq49y_ESPygSWidiLa-qYNTHRlXCX0JAeNo-6u-Itg-WRv0G&#038;oh=00_Af0H6fWVN9b-NMh3ot7K9Qw4e0KExMmbhoWr9CLfoTZT3A&#038;oe=69F97F42\" alt=\"Unsere \u201cW\u00fcrzberger Landfrauen\u201c - Was machen die denn eigentlich so\u2753\n\n@landfrauen_wuerzberg \n\nhttps:\/\/www.wuerzberg.info\/?page_id=1431\n\n- informative Abende &amp; Vortr\u00e4ge\n- spannende F\u00fchrungen\n- gem\u00fctliche Entspannungsabende\n- Wandern im sch\u00f6nen Odenwald\n- eigene Linedance Gruppe\n- gemeinsames Kochen\n\nWir sind ein bunt gemischtes, dynamisches Team mit vielen kreativen Ideen.\n\nUnser Ortsverein ist Mitglied des Bezirksvereins Michelstadt, zusammen geh\u00f6ren wir zum Hessischen Landfrauenverband. Dachverband ist der Deutsche Landfrauenverband mit Sitz in Berlin. Alle angebotenen Fort- und Weiterbildungen sind f\u00fcr unsere Mitglieder kosteng\u00fcnstig m\u00f6glich!\n\nNeugierig? Klasse, komm zu uns!\nKontaktiere uns gleich \u00fcber Insta oder per Mail.\nWir freuen uns auf Dich!\"\/><div class=\"swiper-lazy-preloader swiper-lazy-preloader-white\"><\/div><\/div><\/div><div class=\"swiper-pagination\"><\/div><div class=\"swiper-button-prev\"><\/div><div class=\"swiper-button-next\"><\/div><\/div><\/div>\n\t\t\t\t\t<div class=\"details-wrapper\">\n\t\t\t\t\t<div class=\"wpz-insta-header\">\n\t\t\t\t\t\t<div class=\"wpz-insta-avatar\">\n\t\t\t\t\t\t\t<img loading=\"lazy\" decoding=\"async\" src=\"https:\/\/i0.wp.com\/www.wuerzberg.info\/wp-content\/uploads\/2023\/11\/66783220_859641147739675_4757410204331540480_n.jpg?resize=150%2C150&#038;ssl=1\" alt=\"@wuerzberg_info\" width=\"42\" height=\"42\"\/>\n\t\t\t\t\t\t<\/div>\n\t\t\t\t\t\t<div class=\"wpz-insta-buttons\">\n\t\t\t\t\t\t\t<div class=\"wpz-insta-username\">\n\t\t\t\t\t\t\t\t<a rel=\"noopener\" target=\"_blank\" href=\"https:\/\/instagram.com\/wuerzberg_info\">@wuerzberg_info<\/a>\n\t\t\t\t\t\t\t<\/div>\n\t\t\t\t\t\t\t<div>&bull;<\/div>\n\t\t\t\t\t\t\t<div class=\"wpz-insta-follow\">\n\t\t\t\t\t\t\t\t<a target=\"_blank\" rel=\"noopener\"\n\t\t\t\t\t\t\t\thref=\"https:\/\/instagram.com\/wuerzberg_info?ref=badge\">\n\t\t\t\t\t\t\t\t\tFollow\n\t\t\t\t\t\t\t\t<\/a>\n\t\t\t\t\t\t\t<\/div>\n\t\t\t\t\t\t<\/div>\n\t\t\t\t\t<\/div><div class=\"wpz-insta-caption\">Unsere \u201cW\u00fcrzberger Landfrauen\u201c - Was machen die denn eigentlich so\u2753\n\n@landfrauen_wuerzberg \n\nhttps:\/\/www.wuerzberg.info\/?page_id=1431\n\n- informative Abende &amp; Vortr\u00e4ge\n- spannende F\u00fchrungen\n- gem\u00fctliche Entspannungsabende\n- Wandern im sch\u00f6nen Odenwald\n- eigene Linedance Gruppe\n- gemeinsames Kochen\n\nWir sind ein bunt gemischtes, dynamisches Team mit vielen kreativen Ideen.\n\nUnser Ortsverein ist Mitglied des Bezirksvereins Michelstadt, zusammen geh\u00f6ren wir zum Hessischen Landfrauenverband. Dachverband ist der Deutsche Landfrauenverband mit Sitz in Berlin. Alle angebotenen Fort- und Weiterbildungen sind f\u00fcr unsere Mitglieder kosteng\u00fcnstig m\u00f6glich!\n\nNeugierig? Klasse, komm zu uns!\nKontaktiere uns gleich \u00fcber Insta oder per Mail.\nWir freuen uns auf Dich!<\/div><div class=\"wpz-insta-date\">10\u00a0Stunden ago<\/div><div class=\"view-post\">\n\t\t\t\t\t<a href=\"https:\/\/www.instagram.com\/p\/DXv9n7cjPLN\/\" target=\"_blank\" rel=\"noopener\"><span class=\"dashicons dashicons-instagram\"><\/span>View on Instagram<\/a>\n\t\t\t\t\t<span class=\"delimiter\">|<\/span>\n\t\t\t\t\t<div class=\"wpz-insta-pagination\">1\/8<\/div>\n\t\t\t\t\t<\/div><\/div><\/div><\/div><div data-uid=\"18093362038916886\" class=\"swiper-slide wpz-insta-lightbox-item\"><div class=\"wpz-insta-lightbox\"><div class=\"image-wrapper\"><img class=\"wpzoom-swiper-image swiper-lazy\" data-src=\"https:\/\/www.wuerzberg.info\/wp-content\/uploads\/2022\/11\/681389785_18127344559582214_6532227731607264859_n.jpg\" alt=\"Ortsbeirat W\u00fcrzberg startet in die Legislaturperiode 2026\u20132031\n\nAm Dienstag, 28.04.2026, fand die konstituierende Sitzung des Ortsbeirates W\u00fcrzberg f\u00fcr die Legislaturperiode 2026\u20132031 statt. Der Ortsbeirat bleibt in seiner Zusammensetzung weitgehend unver\u00e4ndert.\n\nZum Ortsvorsteher wurde Manuel Dingeldein wiedergew\u00e4hlt. Ihm zur Seite stehen als Stellvertreter Reiner Reubold, Schriftf\u00fchrer Mario Dick sowie Jens Fill; neu im Gremium ist Werner R\u00fcth.\n\nEin Dankesch\u00f6n f\u00fcr sein Engagement gilt dem ausgeschiedenen Ortsbeiratsmitglied Karsten Ritter. Er hatte sich nicht zur Wiederwahl aufstellen lassen.\n\n#w\u00fcrzberg #michelstadt #ortsbeirat\"\/><div class=\"swiper-lazy-preloader swiper-lazy-preloader-white\"><\/div><\/div>\n\t\t\t\t\t<div class=\"details-wrapper\">\n\t\t\t\t\t<div class=\"wpz-insta-header\">\n\t\t\t\t\t\t<div class=\"wpz-insta-avatar\">\n\t\t\t\t\t\t\t<img loading=\"lazy\" decoding=\"async\" src=\"https:\/\/i0.wp.com\/www.wuerzberg.info\/wp-content\/uploads\/2023\/11\/66783220_859641147739675_4757410204331540480_n.jpg?resize=150%2C150&#038;ssl=1\" alt=\"@wuerzberg_info\" width=\"42\" height=\"42\"\/>\n\t\t\t\t\t\t<\/div>\n\t\t\t\t\t\t<div class=\"wpz-insta-buttons\">\n\t\t\t\t\t\t\t<div class=\"wpz-insta-username\">\n\t\t\t\t\t\t\t\t<a rel=\"noopener\" target=\"_blank\" href=\"https:\/\/instagram.com\/wuerzberg_info\">@wuerzberg_info<\/a>\n\t\t\t\t\t\t\t<\/div>\n\t\t\t\t\t\t\t<div>&bull;<\/div>\n\t\t\t\t\t\t\t<div class=\"wpz-insta-follow\">\n\t\t\t\t\t\t\t\t<a target=\"_blank\" rel=\"noopener\"\n\t\t\t\t\t\t\t\thref=\"https:\/\/instagram.com\/wuerzberg_info?ref=badge\">\n\t\t\t\t\t\t\t\t\tFollow\n\t\t\t\t\t\t\t\t<\/a>\n\t\t\t\t\t\t\t<\/div>\n\t\t\t\t\t\t<\/div>\n\t\t\t\t\t<\/div><div class=\"wpz-insta-caption\">Ortsbeirat W\u00fcrzberg startet in die Legislaturperiode 2026\u20132031\n\nAm Dienstag, 28.04.2026, fand die konstituierende Sitzung des Ortsbeirates W\u00fcrzberg f\u00fcr die Legislaturperiode 2026\u20132031 statt. Der Ortsbeirat bleibt in seiner Zusammensetzung weitgehend unver\u00e4ndert.\n\nZum Ortsvorsteher wurde Manuel Dingeldein wiedergew\u00e4hlt. Ihm zur Seite stehen als Stellvertreter Reiner Reubold, Schriftf\u00fchrer Mario Dick sowie Jens Fill; neu im Gremium ist Werner R\u00fcth.\n\nEin Dankesch\u00f6n f\u00fcr sein Engagement gilt dem ausgeschiedenen Ortsbeiratsmitglied Karsten Ritter. Er hatte sich nicht zur Wiederwahl aufstellen lassen.\n\n#w\u00fcrzberg #michelstadt #ortsbeirat<\/div><div class=\"wpz-insta-date\">2\u00a0Tagen ago<\/div><div class=\"view-post\">\n\t\t\t\t\t<a href=\"https:\/\/www.instagram.com\/p\/DXtJtIsDOEl\/\" target=\"_blank\" rel=\"noopener\"><span class=\"dashicons dashicons-instagram\"><\/span>View on Instagram<\/a>\n\t\t\t\t\t<span class=\"delimiter\">|<\/span>\n\t\t\t\t\t<div class=\"wpz-insta-pagination\">2\/8<\/div>\n\t\t\t\t\t<\/div><\/div><\/div><\/div><div data-uid=\"18073815299250963\" class=\"swiper-slide wpz-insta-lightbox-item\"><div class=\"wpz-insta-lightbox\"><div class=\"image-wrapper\"><img class=\"wpzoom-swiper-image swiper-lazy\" data-src=\"https:\/\/www.wuerzberg.info\/wp-content\/uploads\/2022\/11\/673875653_18127068475582214_5011178344897840383_n.jpg\" alt=\"Der @vfrwuerzberg l\u00e4dt alle Mitglieder zur Jahreshauptversammlung am Freitag, 08.05.2026 um 20:00 Uhr in das Sportlerheim ein.\n\n#w\u00fcrzberg #michelstadt\"\/><div class=\"swiper-lazy-preloader swiper-lazy-preloader-white\"><\/div><\/div>\n\t\t\t\t\t<div class=\"details-wrapper\">\n\t\t\t\t\t<div class=\"wpz-insta-header\">\n\t\t\t\t\t\t<div class=\"wpz-insta-avatar\">\n\t\t\t\t\t\t\t<img loading=\"lazy\" decoding=\"async\" src=\"https:\/\/i0.wp.com\/www.wuerzberg.info\/wp-content\/uploads\/2023\/11\/66783220_859641147739675_4757410204331540480_n.jpg?resize=150%2C150&#038;ssl=1\" alt=\"@wuerzberg_info\" width=\"42\" height=\"42\"\/>\n\t\t\t\t\t\t<\/div>\n\t\t\t\t\t\t<div class=\"wpz-insta-buttons\">\n\t\t\t\t\t\t\t<div class=\"wpz-insta-username\">\n\t\t\t\t\t\t\t\t<a rel=\"noopener\" target=\"_blank\" href=\"https:\/\/instagram.com\/wuerzberg_info\">@wuerzberg_info<\/a>\n\t\t\t\t\t\t\t<\/div>\n\t\t\t\t\t\t\t<div>&bull;<\/div>\n\t\t\t\t\t\t\t<div class=\"wpz-insta-follow\">\n\t\t\t\t\t\t\t\t<a target=\"_blank\" rel=\"noopener\"\n\t\t\t\t\t\t\t\thref=\"https:\/\/instagram.com\/wuerzberg_info?ref=badge\">\n\t\t\t\t\t\t\t\t\tFollow\n\t\t\t\t\t\t\t\t<\/a>\n\t\t\t\t\t\t\t<\/div>\n\t\t\t\t\t\t<\/div>\n\t\t\t\t\t<\/div><div class=\"wpz-insta-caption\">Der @vfrwuerzberg l\u00e4dt alle Mitglieder zur Jahreshauptversammlung am Freitag, 08.05.2026 um 20:00 Uhr in das Sportlerheim ein.\n\n#w\u00fcrzberg #michelstadt<\/div><div class=\"wpz-insta-date\">4\u00a0Tagen ago<\/div><div class=\"view-post\">\n\t\t\t\t\t<a href=\"https:\/\/www.instagram.com\/p\/DXlmzSUjADz\/\" target=\"_blank\" rel=\"noopener\"><span class=\"dashicons dashicons-instagram\"><\/span>View on Instagram<\/a>\n\t\t\t\t\t<span class=\"delimiter\">|<\/span>\n\t\t\t\t\t<div class=\"wpz-insta-pagination\">3\/8<\/div>\n\t\t\t\t\t<\/div><\/div><\/div><\/div><div data-uid=\"18398139499148635\" class=\"swiper-slide wpz-insta-lightbox-item\"><div class=\"wpz-insta-lightbox\"><div class=\"image-wrapper\"><div class=\"swiper\" style=\"height: 100%;\"><div class=\"swiper-wrapper wpz-insta-album-images\"><div class=\"swiper-slide wpz-insta-album-image\" data-media-type=\"image\"><img class=\"wpzoom-swiper-image swiper-lazy\" data-src=\"https:\/\/scontent-fra3-2.cdninstagram.com\/v\/t51.82787-15\/681051838_18126883246582214_6421320932176377568_n.jpg?stp=dst-jpg_e35_tt6&#038;_nc_cat=104&#038;ccb=7-5&#038;_nc_sid=18de74&#038;efg=eyJlZmdfdGFnIjoiQ0FST1VTRUxfSVRFTS5iZXN0X2ltYWdlX3VybGdlbi5DMyJ9&#038;_nc_ohc=5hT_Mm83DMsQ7kNvwGg9CLC&#038;_nc_oc=AdoMaRjVhdfgV2YmsJdcg2P6y2pinirHqF5hjeZRkGTy_OWFlCGOB06QqLoNOLEZUww&#038;_nc_zt=23&#038;_nc_ht=scontent-fra3-2.cdninstagram.com&#038;edm=ANo9K5cEAAAA&#038;_nc_gid=e1STfUNfnB6ucOledbvrwQ&#038;_nc_tpa=Q5bMBQHKLri5tPO0wa643tNVCKoud99RraRaCJ20QH0OuO7RB--l94R6A9_WnBePGsE10dCn5ID0APAj&#038;oh=00_Af300Efl6fM9QiDChsis_5g0xCPymDDAAYNsdUDvaOugqQ&#038;oe=69F968C9\" alt=\"\u201eBrenner W\u00fcrzberg\u201c Maibaumstellen am 30.04.2026\n\nWir laden alle herzlich zum Maibaumstellen am Donnerstag, 30. April, ab 16:00 Uhr ein.\nF\u00fcr das leibliche Wohl ist bestens gesorgt!\n\nBrenner W\u00fcrzberg \u2013 Marten Tschorn | Hesselbacher Stra\u00dfe 17 | 64720 Michelstadt | Direkt neben dem Sportplatz.\n\n#W\u00fcrzberg #michelstadt #Brenner #Maibaum\"\/><div class=\"swiper-lazy-preloader swiper-lazy-preloader-white\"><\/div><\/div><div class=\"swiper-slide wpz-insta-album-image\" data-media-type=\"image\"><img class=\"wpzoom-swiper-image swiper-lazy\" data-src=\"https:\/\/scontent-fra5-1.cdninstagram.com\/v\/t51.82787-15\/662842282_18126883255582214_4357993504252334053_n.jpg?stp=dst-jpg_e35_tt6&#038;_nc_cat=102&#038;ccb=7-5&#038;_nc_sid=18de74&#038;efg=eyJlZmdfdGFnIjoiQ0FST1VTRUxfSVRFTS5iZXN0X2ltYWdlX3VybGdlbi5DMyJ9&#038;_nc_ohc=_WG1r0BXhUoQ7kNvwGzZAFw&#038;_nc_oc=AdqozoWl8oBcOXgXiXi1ja7Uh7F8i6gD_fInTiL-sIYa-FPu9WmfFMReknc4zT_FvFY&#038;_nc_zt=23&#038;_nc_ht=scontent-fra5-1.cdninstagram.com&#038;edm=ANo9K5cEAAAA&#038;_nc_gid=e1STfUNfnB6ucOledbvrwQ&#038;_nc_tpa=Q5bMBQEH7i22FSmJQGlkLK1rMOW8lnR5PCH0e88gXV0Lazu19E97ScgZW7D8BhS7PF69PguRf196l1PQ&#038;oh=00_Af0XLffYjhg7ABvBIySY2v6GIy3_94xO6TqsBWCyjxok1A&#038;oe=69F957F4\" alt=\"\u201eBrenner W\u00fcrzberg\u201c Maibaumstellen am 30.04.2026\n\nWir laden alle herzlich zum Maibaumstellen am Donnerstag, 30. April, ab 16:00 Uhr ein.\nF\u00fcr das leibliche Wohl ist bestens gesorgt!\n\nBrenner W\u00fcrzberg \u2013 Marten Tschorn | Hesselbacher Stra\u00dfe 17 | 64720 Michelstadt | Direkt neben dem Sportplatz.\n\n#W\u00fcrzberg #michelstadt #Brenner #Maibaum\"\/><div class=\"swiper-lazy-preloader swiper-lazy-preloader-white\"><\/div><\/div><\/div><div class=\"swiper-pagination\"><\/div><div class=\"swiper-button-prev\"><\/div><div class=\"swiper-button-next\"><\/div><\/div><\/div>\n\t\t\t\t\t<div class=\"details-wrapper\">\n\t\t\t\t\t<div class=\"wpz-insta-header\">\n\t\t\t\t\t\t<div class=\"wpz-insta-avatar\">\n\t\t\t\t\t\t\t<img loading=\"lazy\" decoding=\"async\" src=\"https:\/\/i0.wp.com\/www.wuerzberg.info\/wp-content\/uploads\/2023\/11\/66783220_859641147739675_4757410204331540480_n.jpg?resize=150%2C150&#038;ssl=1\" alt=\"@wuerzberg_info\" width=\"42\" height=\"42\"\/>\n\t\t\t\t\t\t<\/div>\n\t\t\t\t\t\t<div class=\"wpz-insta-buttons\">\n\t\t\t\t\t\t\t<div class=\"wpz-insta-username\">\n\t\t\t\t\t\t\t\t<a rel=\"noopener\" target=\"_blank\" href=\"https:\/\/instagram.com\/wuerzberg_info\">@wuerzberg_info<\/a>\n\t\t\t\t\t\t\t<\/div>\n\t\t\t\t\t\t\t<div>&bull;<\/div>\n\t\t\t\t\t\t\t<div class=\"wpz-insta-follow\">\n\t\t\t\t\t\t\t\t<a target=\"_blank\" rel=\"noopener\"\n\t\t\t\t\t\t\t\thref=\"https:\/\/instagram.com\/wuerzberg_info?ref=badge\">\n\t\t\t\t\t\t\t\t\tFollow\n\t\t\t\t\t\t\t\t<\/a>\n\t\t\t\t\t\t\t<\/div>\n\t\t\t\t\t\t<\/div>\n\t\t\t\t\t<\/div><div class=\"wpz-insta-caption\">\u201eBrenner W\u00fcrzberg\u201c Maibaumstellen am 30.04.2026\n\nWir laden alle herzlich zum Maibaumstellen am Donnerstag, 30. April, ab 16:00 Uhr ein.\nF\u00fcr das leibliche Wohl ist bestens gesorgt!\n\nBrenner W\u00fcrzberg \u2013 Marten Tschorn | Hesselbacher Stra\u00dfe 17 | 64720 Michelstadt | Direkt neben dem Sportplatz.\n\n#W\u00fcrzberg #michelstadt #Brenner #Maibaum<\/div><div class=\"wpz-insta-date\">6\u00a0Tagen ago<\/div><div class=\"view-post\">\n\t\t\t\t\t<a href=\"https:\/\/www.instagram.com\/p\/DXhgdzUDPwh\/\" target=\"_blank\" rel=\"noopener\"><span class=\"dashicons dashicons-instagram\"><\/span>View on Instagram<\/a>\n\t\t\t\t\t<span class=\"delimiter\">|<\/span>\n\t\t\t\t\t<div class=\"wpz-insta-pagination\">4\/8<\/div>\n\t\t\t\t\t<\/div><\/div><\/div><\/div><div data-uid=\"18106878259931845\" class=\"swiper-slide wpz-insta-lightbox-item\"><div class=\"wpz-insta-lightbox\"><div class=\"image-wrapper\"><img class=\"wpzoom-swiper-image swiper-lazy\" data-src=\"https:\/\/www.wuerzberg.info\/wp-content\/uploads\/2022\/11\/670642051_18126520813582214_8805362322351768874_n.jpg\" alt=\"Dienstag 28.04.2026 19:30 Uhr \u2013 Konstituierende Ortsbeiratssitzung\n\nAm Dienstag, 28.04.2026, um 19:30 Uhr findet die 1. Ortsbeiratssitzung des neu gew\u00e4hlten W\u00fcrzberger Ortsbeirats im Dorfgemeinschaftshaus statt.\nAn diesem Abend werden der Ortsvorsteher, der Stellvertreter des Ortsvorstehers sowie der Schriftf\u00fchrer vom Ortsbeirat gew\u00e4hlt.\nWie immer wird es auch nach der Sitzung Zeit f\u00fcr einen Austausch geben.\n\nWir freuen uns auf eine aktive Beteiligung.\n\n#W\u00fcrzberg #Michelstadt #Ortsbeirat\"\/><div class=\"swiper-lazy-preloader swiper-lazy-preloader-white\"><\/div><\/div>\n\t\t\t\t\t<div class=\"details-wrapper\">\n\t\t\t\t\t<div class=\"wpz-insta-header\">\n\t\t\t\t\t\t<div class=\"wpz-insta-avatar\">\n\t\t\t\t\t\t\t<img loading=\"lazy\" decoding=\"async\" src=\"https:\/\/i0.wp.com\/www.wuerzberg.info\/wp-content\/uploads\/2023\/11\/66783220_859641147739675_4757410204331540480_n.jpg?resize=150%2C150&#038;ssl=1\" alt=\"@wuerzberg_info\" width=\"42\" height=\"42\"\/>\n\t\t\t\t\t\t<\/div>\n\t\t\t\t\t\t<div class=\"wpz-insta-buttons\">\n\t\t\t\t\t\t\t<div class=\"wpz-insta-username\">\n\t\t\t\t\t\t\t\t<a rel=\"noopener\" target=\"_blank\" href=\"https:\/\/instagram.com\/wuerzberg_info\">@wuerzberg_info<\/a>\n\t\t\t\t\t\t\t<\/div>\n\t\t\t\t\t\t\t<div>&bull;<\/div>\n\t\t\t\t\t\t\t<div class=\"wpz-insta-follow\">\n\t\t\t\t\t\t\t\t<a target=\"_blank\" rel=\"noopener\"\n\t\t\t\t\t\t\t\thref=\"https:\/\/instagram.com\/wuerzberg_info?ref=badge\">\n\t\t\t\t\t\t\t\t\tFollow\n\t\t\t\t\t\t\t\t<\/a>\n\t\t\t\t\t\t\t<\/div>\n\t\t\t\t\t\t<\/div>\n\t\t\t\t\t<\/div><div class=\"wpz-insta-caption\">Dienstag 28.04.2026 19:30 Uhr \u2013 Konstituierende Ortsbeiratssitzung\n\nAm Dienstag, 28.04.2026, um 19:30 Uhr findet die 1. Ortsbeiratssitzung des neu gew\u00e4hlten W\u00fcrzberger Ortsbeirats im Dorfgemeinschaftshaus statt.\nAn diesem Abend werden der Ortsvorsteher, der Stellvertreter des Ortsvorstehers sowie der Schriftf\u00fchrer vom Ortsbeirat gew\u00e4hlt.\nWie immer wird es auch nach der Sitzung Zeit f\u00fcr einen Austausch geben.\n\nWir freuen uns auf eine aktive Beteiligung.\n\n#W\u00fcrzberg #Michelstadt #Ortsbeirat<\/div><div class=\"wpz-insta-date\">1\u00a0Woche ago<\/div><div class=\"view-post\">\n\t\t\t\t\t<a href=\"https:\/\/www.instagram.com\/p\/DXYomsqDPMA\/\" target=\"_blank\" rel=\"noopener\"><span class=\"dashicons dashicons-instagram\"><\/span>View on Instagram<\/a>\n\t\t\t\t\t<span class=\"delimiter\">|<\/span>\n\t\t\t\t\t<div class=\"wpz-insta-pagination\">5\/8<\/div>\n\t\t\t\t\t<\/div><\/div><\/div><\/div><div data-uid=\"18134134726549303\" class=\"swiper-slide wpz-insta-lightbox-item\"><div class=\"wpz-insta-lightbox\"><div class=\"image-wrapper\"><img class=\"wpzoom-swiper-image swiper-lazy\" data-src=\"https:\/\/www.wuerzberg.info\/wp-content\/uploads\/2022\/11\/671017957_18126433366582214_8961640070102533192_n.jpg\" alt=\"DRK-W\u00fcrzberg: Blutspendetermin \u2013 Donnerstag 07.05.2026\n\nEine Blutspende dauert 10 Minuten und rettet bis zu drei Leben.\n\n-&gt; https:\/\/www.blutspende.de\/blutspendetermine\/termine\/403151\n\nAm Donnerstag 07.05.2026 von 15:30 Uhr bis 19:30 Uhr im Dorfgemeinschaftshaus W\u00fcrzberg.\n\nWir hoffen auf zahlreiche Unterst\u00fctzer! Wie immer ist auch f\u00fcr das leibliche Wohl gesorgt.\n\nEuer @drk_ov_wuerzberg\"\/><div class=\"swiper-lazy-preloader swiper-lazy-preloader-white\"><\/div><\/div>\n\t\t\t\t\t<div class=\"details-wrapper\">\n\t\t\t\t\t<div class=\"wpz-insta-header\">\n\t\t\t\t\t\t<div class=\"wpz-insta-avatar\">\n\t\t\t\t\t\t\t<img loading=\"lazy\" decoding=\"async\" src=\"https:\/\/i0.wp.com\/www.wuerzberg.info\/wp-content\/uploads\/2023\/11\/66783220_859641147739675_4757410204331540480_n.jpg?resize=150%2C150&#038;ssl=1\" alt=\"@wuerzberg_info\" width=\"42\" height=\"42\"\/>\n\t\t\t\t\t\t<\/div>\n\t\t\t\t\t\t<div class=\"wpz-insta-buttons\">\n\t\t\t\t\t\t\t<div class=\"wpz-insta-username\">\n\t\t\t\t\t\t\t\t<a rel=\"noopener\" target=\"_blank\" href=\"https:\/\/instagram.com\/wuerzberg_info\">@wuerzberg_info<\/a>\n\t\t\t\t\t\t\t<\/div>\n\t\t\t\t\t\t\t<div>&bull;<\/div>\n\t\t\t\t\t\t\t<div class=\"wpz-insta-follow\">\n\t\t\t\t\t\t\t\t<a target=\"_blank\" rel=\"noopener\"\n\t\t\t\t\t\t\t\thref=\"https:\/\/instagram.com\/wuerzberg_info?ref=badge\">\n\t\t\t\t\t\t\t\t\tFollow\n\t\t\t\t\t\t\t\t<\/a>\n\t\t\t\t\t\t\t<\/div>\n\t\t\t\t\t\t<\/div>\n\t\t\t\t\t<\/div><div class=\"wpz-insta-caption\">DRK-W\u00fcrzberg: Blutspendetermin \u2013 Donnerstag 07.05.2026\n\nEine Blutspende dauert 10 Minuten und rettet bis zu drei Leben.\n\n-&gt; https:\/\/www.blutspende.de\/blutspendetermine\/termine\/403151\n\nAm Donnerstag 07.05.2026 von 15:30 Uhr bis 19:30 Uhr im Dorfgemeinschaftshaus W\u00fcrzberg.\n\nWir hoffen auf zahlreiche Unterst\u00fctzer! Wie immer ist auch f\u00fcr das leibliche Wohl gesorgt.\n\nEuer @drk_ov_wuerzberg<\/div><div class=\"wpz-insta-date\">1\u00a0Woche ago<\/div><div class=\"view-post\">\n\t\t\t\t\t<a href=\"https:\/\/www.instagram.com\/p\/DXWPHlcDEtC\/\" target=\"_blank\" rel=\"noopener\"><span class=\"dashicons dashicons-instagram\"><\/span>View on Instagram<\/a>\n\t\t\t\t\t<span class=\"delimiter\">|<\/span>\n\t\t\t\t\t<div class=\"wpz-insta-pagination\">6\/8<\/div>\n\t\t\t\t\t<\/div><\/div><\/div><\/div><div data-uid=\"18428874904190107\" class=\"swiper-slide wpz-insta-lightbox-item\"><div class=\"wpz-insta-lightbox\"><div class=\"image-wrapper\"><img class=\"wpzoom-swiper-image swiper-lazy\" data-src=\"https:\/\/www.wuerzberg.info\/wp-content\/uploads\/2022\/11\/658474730_18125248660582214_6661942175223992708_n.jpg\" alt=\"\u26bd\ufe0f Das Bambini-Schnuppertraining beim VfR W\u00fcrzberg geht weiter\u2026 \u26bd\n\nKommt vorbei und schnuppert Fu\u00dfballluft!\n\nAm 10.04.2026 um 17:00 Uhr auf dem W\u00fcrzberger Sportplatz.\ufe0f\n\nhttps:\/\/www.wuerzberg.info\/?p=7129\"\/><div class=\"swiper-lazy-preloader swiper-lazy-preloader-white\"><\/div><\/div>\n\t\t\t\t\t<div class=\"details-wrapper\">\n\t\t\t\t\t<div class=\"wpz-insta-header\">\n\t\t\t\t\t\t<div class=\"wpz-insta-avatar\">\n\t\t\t\t\t\t\t<img loading=\"lazy\" decoding=\"async\" src=\"https:\/\/i0.wp.com\/www.wuerzberg.info\/wp-content\/uploads\/2023\/11\/66783220_859641147739675_4757410204331540480_n.jpg?resize=150%2C150&#038;ssl=1\" alt=\"@wuerzberg_info\" width=\"42\" height=\"42\"\/>\n\t\t\t\t\t\t<\/div>\n\t\t\t\t\t\t<div class=\"wpz-insta-buttons\">\n\t\t\t\t\t\t\t<div class=\"wpz-insta-username\">\n\t\t\t\t\t\t\t\t<a rel=\"noopener\" target=\"_blank\" href=\"https:\/\/instagram.com\/wuerzberg_info\">@wuerzberg_info<\/a>\n\t\t\t\t\t\t\t<\/div>\n\t\t\t\t\t\t\t<div>&bull;<\/div>\n\t\t\t\t\t\t\t<div class=\"wpz-insta-follow\">\n\t\t\t\t\t\t\t\t<a target=\"_blank\" rel=\"noopener\"\n\t\t\t\t\t\t\t\thref=\"https:\/\/instagram.com\/wuerzberg_info?ref=badge\">\n\t\t\t\t\t\t\t\t\tFollow\n\t\t\t\t\t\t\t\t<\/a>\n\t\t\t\t\t\t\t<\/div>\n\t\t\t\t\t\t<\/div>\n\t\t\t\t\t<\/div><div class=\"wpz-insta-caption\">\u26bd\ufe0f Das Bambini-Schnuppertraining beim VfR W\u00fcrzberg geht weiter\u2026 \u26bd\n\nKommt vorbei und schnuppert Fu\u00dfballluft!\n\nAm 10.04.2026 um 17:00 Uhr auf dem W\u00fcrzberger Sportplatz.\ufe0f\n\nhttps:\/\/www.wuerzberg.info\/?p=7129<\/div><div class=\"wpz-insta-date\">3\u00a0Wochen ago<\/div><div class=\"view-post\">\n\t\t\t\t\t<a href=\"https:\/\/www.instagram.com\/p\/DW14CtFjOYz\/\" target=\"_blank\" rel=\"noopener\"><span class=\"dashicons dashicons-instagram\"><\/span>View on Instagram<\/a>\n\t\t\t\t\t<span class=\"delimiter\">|<\/span>\n\t\t\t\t\t<div class=\"wpz-insta-pagination\">7\/8<\/div>\n\t\t\t\t\t<\/div><\/div><\/div><\/div><div data-uid=\"17950908081106188\" class=\"swiper-slide wpz-insta-lightbox-item\"><div class=\"wpz-insta-lightbox\"><div class=\"image-wrapper\"><img class=\"wpzoom-swiper-image swiper-lazy\" data-src=\"https:\/\/www.wuerzberg.info\/wp-content\/uploads\/2022\/11\/657324252_18124577017582214_9092363650370873764_n.jpg\" alt=\"Ortsbeirat W\u00fcrzberg: Altkleidercontainer \u2013 Hinweis\n\nDie Altkleidercontainer in W\u00fcrzberg werden nicht mehr geleert.\n\n\ud83d\udeab Bitte keine S\u00e4cke oder Kleidung davor abstellen!\nDiese werden nass, verschmutzen und m\u00fcssen als Restm\u00fcll teuer entsorgt werden.\n\nHinweise zur Entsorgung sind auf der Homepage zu finden.\n\n\ud83d\ude4f Bitte haltet unser Dorf sauber!\nVielen Dank f\u00fcr euer Verst\u00e4ndnis.\n\nOrtsbeirat W\u00fcrzberg\nManuel Dingeldein\"\/><div class=\"swiper-lazy-preloader swiper-lazy-preloader-white\"><\/div><\/div>\n\t\t\t\t\t<div class=\"details-wrapper\">\n\t\t\t\t\t<div class=\"wpz-insta-header\">\n\t\t\t\t\t\t<div class=\"wpz-insta-avatar\">\n\t\t\t\t\t\t\t<img loading=\"lazy\" decoding=\"async\" src=\"https:\/\/i0.wp.com\/www.wuerzberg.info\/wp-content\/uploads\/2023\/11\/66783220_859641147739675_4757410204331540480_n.jpg?resize=150%2C150&#038;ssl=1\" alt=\"@wuerzberg_info\" width=\"42\" height=\"42\"\/>\n\t\t\t\t\t\t<\/div>\n\t\t\t\t\t\t<div class=\"wpz-insta-buttons\">\n\t\t\t\t\t\t\t<div class=\"wpz-insta-username\">\n\t\t\t\t\t\t\t\t<a rel=\"noopener\" target=\"_blank\" href=\"https:\/\/instagram.com\/wuerzberg_info\">@wuerzberg_info<\/a>\n\t\t\t\t\t\t\t<\/div>\n\t\t\t\t\t\t\t<div>&bull;<\/div>\n\t\t\t\t\t\t\t<div class=\"wpz-insta-follow\">\n\t\t\t\t\t\t\t\t<a target=\"_blank\" rel=\"noopener\"\n\t\t\t\t\t\t\t\thref=\"https:\/\/instagram.com\/wuerzberg_info?ref=badge\">\n\t\t\t\t\t\t\t\t\tFollow\n\t\t\t\t\t\t\t\t<\/a>\n\t\t\t\t\t\t\t<\/div>\n\t\t\t\t\t\t<\/div>\n\t\t\t\t\t<\/div><div class=\"wpz-insta-caption\">Ortsbeirat W\u00fcrzberg: Altkleidercontainer \u2013 Hinweis\n\nDie Altkleidercontainer in W\u00fcrzberg werden nicht mehr geleert.\n\n\ud83d\udeab Bitte keine S\u00e4cke oder Kleidung davor abstellen!\nDiese werden nass, verschmutzen und m\u00fcssen als Restm\u00fcll teuer entsorgt werden.\n\nHinweise zur Entsorgung sind auf der Homepage zu finden.\n\n\ud83d\ude4f Bitte haltet unser Dorf sauber!\nVielen Dank f\u00fcr euer Verst\u00e4ndnis.\n\nOrtsbeirat W\u00fcrzberg\nManuel Dingeldein<\/div><div class=\"wpz-insta-date\">1\u00a0Monat ago<\/div><div class=\"view-post\">\n\t\t\t\t\t<a href=\"https:\/\/www.instagram.com\/p\/DWjfalkjAgN\/\" target=\"_blank\" rel=\"noopener\"><span class=\"dashicons dashicons-instagram\"><\/span>View on Instagram<\/a>\n\t\t\t\t\t<span class=\"delimiter\">|<\/span>\n\t\t\t\t\t<div class=\"wpz-insta-pagination\">8\/8<\/div>\n\t\t\t\t\t<\/div><\/div><\/div><\/div><\/div><div class=\"swiper-button-prev\"><\/div><div class=\"swiper-button-next\"><\/div><\/div><\/div><\/div>\n","protected":false},"excerpt":{"rendered":"","protected":false},"author":1,"featured_media":0,"parent":0,"menu_order":0,"comment_status":"closed","ping_status":"closed","template":"","meta":{"jetpack_post_was_ever_published":false,"footnotes":""},"class_list":["post-5337","page","type-page","status-publish","hentry"],"jetpack_shortlink":"https:\/\/wp.me\/P71HmM-1o5","jetpack_sharing_enabled":true,"publishpress_future_workflow_manual_trigger":{"enabledWorkflows":[]},"_links":{"self":[{"href":"https:\/\/www.wuerzberg.info\/index.php?rest_route=\/wp\/v2\/pages\/5337","targetHints":{"allow":["GET"]}}],"collection":[{"href":"https:\/\/www.wuerzberg.info\/index.php?rest_route=\/wp\/v2\/pages"}],"about":[{"href":"https:\/\/www.wuerzberg.info\/index.php?rest_route=\/wp\/v2\/types\/page"}],"author":[{"embeddable":true,"href":"https:\/\/www.wuerzberg.info\/index.php?rest_route=\/wp\/v2\/users\/1"}],"replies":[{"embeddable":true,"href":"https:\/\/www.wuerzberg.info\/index.php?rest_route=%2Fwp%2Fv2%2Fcomments&post=5337"}],"version-history":[{"count":1,"href":"https:\/\/www.wuerzberg.info\/index.php?rest_route=\/wp\/v2\/pages\/5337\/revisions"}],"predecessor-version":[{"id":5338,"href":"https:\/\/www.wuerzberg.info\/index.php?rest_route=\/wp\/v2\/pages\/5337\/revisions\/5338"}],"wp:attachment":[{"href":"https:\/\/www.wuerzberg.info\/index.php?rest_route=%2Fwp%2Fv2%2Fmedia&parent=5337"}],"curies":[{"name":"wp","href":"https:\/\/api.w.org\/{rel}","templated":true}]}}